{"id":429,"date":"2015-05-12T23:33:22","date_gmt":"2015-05-12T21:33:22","guid":{"rendered":"http:\/\/uhlenbru.ch\/?page_id=429"},"modified":"2024-01-11T02:03:31","modified_gmt":"2024-01-11T01:03:31","slug":"beauty","status":"publish","type":"page","link":"https:\/\/uhlenbru.ch\/?page_id=429","title":{"rendered":"Beauty"},"content":{"rendered":"<p>Die Sch\u00f6nheit der Portr\u00e4tfotografie liegt in ihrer F\u00e4higkeit, die einzigartigen Facetten der menschlichen Pers\u00f6nlichkeit einzufangen und zu betonen. Durch gekonnte Inszenierung, Lichtsetzung und Perspektivwahl kann ein Fotograf nicht nur \u00e4u\u00dfere Sch\u00f6nheit einfangen, sondern auch die Tiefe der Emotionen und Charakterz\u00fcge eines Individuums herausstellen. Die Kamera wird zum Spiegel, der nicht nur das physische Erscheinungsbild, sondern auch die innere Essenz einf\u00e4ngt. Die Sch\u00f6nheit eines Portr\u00e4ts liegt nicht nur in der Perfektion der Details, sondern oft auch in den Unvollkommenheiten, die eine Geschichte erz\u00e4hlen. Die F\u00e4higkeit des Fotografen, die nat\u00fcrliche Sch\u00f6nheit jedes Subjekts zu entdecken und zu betonen, macht die Portr\u00e4tfotografie zu einer Kunstform, die weit \u00fcber das blo\u00dfe Abbilden hinausgeht. In der Beautyfotografie wiederum steht die Hervorhebung \u00e4sthetischer Merkmale im Vordergrund. Hier werden oft Make-up, Beleuchtung und Bildbearbeitung verwendet, um die visuelle Anziehungskraft zu steigern. Die Verbindung von Beauty und Portr\u00e4tfotografie erm\u00f6glicht es, nicht nur \u00e4u\u00dfere Sch\u00f6nheit zu feiern, sondern auch die Pers\u00f6nlichkeit und Einzigartigkeit jedes Einzelnen zu w\u00fcrdigen.<\/p>\n<div id=\"jig1\" class=\"justified-image-grid jig-35a124dd7493520b36e8fac20f55b30d jig-preset-global\"><div class=\"jig-clearfix\"><\/div><noscript id=\"jig1-html\" class=\"justified-image-grid-html\" data-lazy-src=\"skiplazyload\" data-src=\"skipunveillazyload\"><ul><li><a href=\"https:\/\/uhlenbru.ch\/\/wp-content\/gallery\/beauty\/Mark-Uhlenbruch-Urbex-Beauty-1-von-3.jpg\"><img loading=\"lazy\" decoding=\"async\" src=\"https:\/\/uhlenbru.ch\/wp-content\/plugins\/justified-image-grid\/timthumb.php?src=https%3A%2F%2Fuhlenbru.ch%2Fwp-content%2Fgallery%2Fbeauty%2FMark-Uhlenbruch-Urbex-Beauty-1-von-3.jpg&amp;h=175&amp;q=90&amp;f=.jpg\" alt=\"Mark-Uhlenbruch-Urbex-Beauty-1-von-3\" width=\"312\" height=\"175\" \/><\/a><p class=\"jig-HTMLdescription\">Mark-Uhlenbruch-Urbex-Beauty-1-von-3<br\/><\/p><\/li><li><a href=\"https:\/\/uhlenbru.ch\/\/wp-content\/gallery\/beauty\/Mark-Uhlenbruch-Urbex-Beauty-2-von-3.jpg\"><img loading=\"lazy\" decoding=\"async\" src=\"https:\/\/uhlenbru.ch\/wp-content\/plugins\/justified-image-grid\/timthumb.php?src=https%3A%2F%2Fuhlenbru.ch%2Fwp-content%2Fgallery%2Fbeauty%2FMark-Uhlenbruch-Urbex-Beauty-2-von-3.jpg&amp;h=175&amp;q=90&amp;f=.jpg\" alt=\"Mark-Uhlenbruch-Urbex-Beauty-2-von-3\" width=\"312\" height=\"175\" \/><\/a><p class=\"jig-HTMLdescription\">Mark-Uhlenbruch-Urbex-Beauty-2-von-3<br\/><\/p><\/li><li><a href=\"https:\/\/uhlenbru.ch\/\/wp-content\/gallery\/beauty\/Mark-Uhlenbruch-Urbex-Beauty-3-von-3.jpg\"><img loading=\"lazy\" decoding=\"async\" src=\"https:\/\/uhlenbru.ch\/wp-content\/plugins\/justified-image-grid\/timthumb.php?src=https%3A%2F%2Fuhlenbru.ch%2Fwp-content%2Fgallery%2Fbeauty%2FMark-Uhlenbruch-Urbex-Beauty-3-von-3.jpg&amp;h=175&amp;q=90&amp;f=.jpg\" alt=\"Mark-Uhlenbruch-Urbex-Beauty-3-von-3\" width=\"312\" height=\"175\" \/><\/a><p class=\"jig-HTMLdescription\">Mark-Uhlenbruch-Urbex-Beauty-3-von-3<br\/><\/p><\/li><li><a href=\"https:\/\/uhlenbru.ch\/\/wp-content\/gallery\/beauty\/Mark-Uhlenbruch-Urbex-Beauty-23.jpg\"><img loading=\"lazy\" decoding=\"async\" src=\"https:\/\/uhlenbru.ch\/wp-content\/plugins\/justified-image-grid\/timthumb.php?src=https%3A%2F%2Fuhlenbru.ch%2Fwp-content%2Fgallery%2Fbeauty%2FMark-Uhlenbruch-Urbex-Beauty-23.jpg&amp;h=175&amp;q=90&amp;f=.jpg\" alt=\"Mark-Uhlenbruch-Urbex-Beauty-23\" width=\"254\" height=\"175\" \/><\/a><p class=\"jig-HTMLdescription\">Mark-Uhlenbruch-Urbex-Beauty-23<br\/><\/p><\/li><li><a href=\"https:\/\/uhlenbru.ch\/\/wp-content\/gallery\/beauty\/Mark-Uhlenbruch-Urbex-Beauty-22.jpg\"><img loading=\"lazy\" decoding=\"async\" src=\"https:\/\/uhlenbru.ch\/wp-content\/plugins\/justified-image-grid\/timthumb.php?src=https%3A%2F%2Fuhlenbru.ch%2Fwp-content%2Fgallery%2Fbeauty%2FMark-Uhlenbruch-Urbex-Beauty-22.jpg&amp;h=175&amp;q=90&amp;f=.jpg\" alt=\"Mark-Uhlenbruch-Urbex-Beauty-22\" width=\"254\" height=\"175\" \/><\/a><p class=\"jig-HTMLdescription\">Mark-Uhlenbruch-Urbex-Beauty-22<br\/><\/p><\/li><li><a href=\"https:\/\/uhlenbru.ch\/\/wp-content\/gallery\/beauty\/Mark-Uhlenbruch-Urbex-Beauty-26.jpg\"><img loading=\"lazy\" decoding=\"async\" src=\"https:\/\/uhlenbru.ch\/wp-content\/plugins\/justified-image-grid\/timthumb.php?src=https%3A%2F%2Fuhlenbru.ch%2Fwp-content%2Fgallery%2Fbeauty%2FMark-Uhlenbruch-Urbex-Beauty-26.jpg&amp;h=175&amp;q=90&amp;f=.jpg\" alt=\"Mark-Uhlenbruch-Urbex-Beauty-26\" width=\"312\" height=\"175\" \/><\/a><p class=\"jig-HTMLdescription\">Mark-Uhlenbruch-Urbex-Beauty-26<br\/><\/p><\/li><li><a href=\"https:\/\/uhlenbru.ch\/\/wp-content\/gallery\/beauty\/Mark-Uhlenbruch-Urbex-Beauty-9-von-13.jpg\"><img loading=\"lazy\" decoding=\"async\" src=\"https:\/\/uhlenbru.ch\/wp-content\/plugins\/justified-image-grid\/timthumb.php?src=https%3A%2F%2Fuhlenbru.ch%2Fwp-content%2Fgallery%2Fbeauty%2FMark-Uhlenbruch-Urbex-Beauty-9-von-13.jpg&amp;h=175&amp;q=90&amp;f=.jpg\" alt=\"Mark-Uhlenbruch-Urbex-Beauty-9-von-13\" width=\"312\" height=\"175\" \/><\/a><p class=\"jig-HTMLdescription\">Mark-Uhlenbruch-Urbex-Beauty-9-von-13<br\/><\/p><\/li><li><a href=\"https:\/\/uhlenbru.ch\/\/wp-content\/gallery\/beauty\/Mark-Uhlenbruch-Urbex-Beauty-8-von-13.jpg\"><img loading=\"lazy\" decoding=\"async\" src=\"https:\/\/uhlenbru.ch\/wp-content\/plugins\/justified-image-grid\/timthumb.php?src=https%3A%2F%2Fuhlenbru.ch%2Fwp-content%2Fgallery%2Fbeauty%2FMark-Uhlenbruch-Urbex-Beauty-8-von-13.jpg&amp;h=175&amp;q=90&amp;f=.jpg\" alt=\"Mark-Uhlenbruch-Urbex-Beauty-8-von-13\" width=\"312\" height=\"175\" \/><\/a><p class=\"jig-HTMLdescription\">Mark-Uhlenbruch-Urbex-Beauty-8-von-13<br\/><\/p><\/li><li><a href=\"https:\/\/uhlenbru.ch\/\/wp-content\/gallery\/beauty\/meike-hotel-23-von-1.jpg\" title=\"Mark Uhlenbruch Fotografie Beauty &amp; Portr\u00e4t\"><img loading=\"lazy\" decoding=\"async\" src=\"https:\/\/uhlenbru.ch\/wp-content\/plugins\/justified-image-grid\/timthumb.php?src=https%3A%2F%2Fuhlenbru.ch%2Fwp-content%2Fgallery%2Fbeauty%2Fmeike-hotel-23-von-1.jpg&amp;h=175&amp;q=90&amp;f=.jpg\" alt=\"Mark Uhlenbruch Fotografie Beauty &amp; Portr\u00e4t\" width=\"323\" height=\"175\" \/><\/a><p class=\"jig-HTMLdescription\">Mark Uhlenbruch Fotografie Beauty & Portr\u00e4t<\/p><\/li><li><a href=\"https:\/\/uhlenbru.ch\/\/wp-content\/gallery\/beauty\/Mark-Uhlenbruch-Urbex-Beauty-1-von-13.jpg\"><img loading=\"lazy\" decoding=\"async\" src=\"https:\/\/uhlenbru.ch\/wp-content\/plugins\/justified-image-grid\/timthumb.php?src=https%3A%2F%2Fuhlenbru.ch%2Fwp-content%2Fgallery%2Fbeauty%2FMark-Uhlenbruch-Urbex-Beauty-1-von-13.jpg&amp;h=175&amp;q=90&amp;f=.jpg\" alt=\"Mark-Uhlenbruch-Urbex-Beauty-1-von-13\" width=\"312\" height=\"175\" \/><\/a><p class=\"jig-HTMLdescription\">Mark-Uhlenbruch-Urbex-Beauty-1-von-13<br\/><\/p><\/li><li><a href=\"https:\/\/uhlenbru.ch\/\/wp-content\/gallery\/beauty\/meike-hafen-13-von-1-Kopie.jpg\" title=\"Mark Uhlenbruch Fotografie Beauty &amp; Portr\u00e4t\"><img loading=\"lazy\" decoding=\"async\" src=\"https:\/\/uhlenbru.ch\/wp-content\/plugins\/justified-image-grid\/timthumb.php?src=https%3A%2F%2Fuhlenbru.ch%2Fwp-content%2Fgallery%2Fbeauty%2Fmeike-hafen-13-von-1-Kopie.jpg&amp;h=175&amp;q=90&amp;f=.jpg\" alt=\"Mark Uhlenbruch Fotografie Beauty &amp; Portr\u00e4t\" width=\"116\" height=\"175\" \/><\/a><p class=\"jig-HTMLdescription\">Mark Uhlenbruch Fotografie Beauty & Portr\u00e4t<\/p><\/li><li><a href=\"https:\/\/uhlenbru.ch\/\/wp-content\/gallery\/beauty\/Mark-Uhlenbruch-Urbex-Beauty-2-von-13.jpg\"><img loading=\"lazy\" decoding=\"async\" src=\"https:\/\/uhlenbru.ch\/wp-content\/plugins\/justified-image-grid\/timthumb.php?src=https%3A%2F%2Fuhlenbru.ch%2Fwp-content%2Fgallery%2Fbeauty%2FMark-Uhlenbruch-Urbex-Beauty-2-von-13.jpg&amp;h=175&amp;q=90&amp;f=.jpg\" alt=\"Mark-Uhlenbruch-Urbex-Beauty-2-von-13\" width=\"312\" height=\"175\" \/><\/a><p class=\"jig-HTMLdescription\">Mark-Uhlenbruch-Urbex-Beauty-2-von-13<br\/><\/p><\/li><li><a href=\"https:\/\/uhlenbru.ch\/\/wp-content\/gallery\/beauty\/meike-hafem-45-von-1.jpg\" title=\"Mark Uhlenbruch Fotografie Beauty &amp; Portr\u00e4t\"><img loading=\"lazy\" decoding=\"async\" src=\"https:\/\/uhlenbru.ch\/wp-content\/plugins\/justified-image-grid\/timthumb.php?src=https%3A%2F%2Fuhlenbru.ch%2Fwp-content%2Fgallery%2Fbeauty%2Fmeike-hafem-45-von-1.jpg&amp;h=175&amp;q=90&amp;f=.jpg\" alt=\"Mark Uhlenbruch Fotografie Beauty &amp; Portr\u00e4t\" width=\"116\" height=\"175\" \/><\/a><p class=\"jig-HTMLdescription\">Mark Uhlenbruch Fotografie Beauty & Portr\u00e4t<\/p><\/li><li><a href=\"https:\/\/uhlenbru.ch\/\/wp-content\/gallery\/beauty\/meike-hafem-44-von-1.jpg\" title=\"Mark Uhlenbruch Fotografie Beauty &amp; Portr\u00e4t\"><img loading=\"lazy\" decoding=\"async\" src=\"https:\/\/uhlenbru.ch\/wp-content\/plugins\/justified-image-grid\/timthumb.php?src=https%3A%2F%2Fuhlenbru.ch%2Fwp-content%2Fgallery%2Fbeauty%2Fmeike-hafem-44-von-1.jpg&amp;h=175&amp;q=90&amp;f=.jpg\" alt=\"Mark Uhlenbruch Fotografie Beauty &amp; Portr\u00e4t\" width=\"116\" height=\"175\" \/><\/a><p class=\"jig-HTMLdescription\">Mark Uhlenbruch Fotografie Beauty & Portr\u00e4t<\/p><\/li><li><a href=\"https:\/\/uhlenbru.ch\/\/wp-content\/gallery\/beauty\/Mark-Uhlenbruch-Urbex-Beauty-7-von-13.jpg\"><img loading=\"lazy\" decoding=\"async\" src=\"https:\/\/uhlenbru.ch\/wp-content\/plugins\/justified-image-grid\/timthumb.php?src=https%3A%2F%2Fuhlenbru.ch%2Fwp-content%2Fgallery%2Fbeauty%2FMark-Uhlenbruch-Urbex-Beauty-7-von-13.jpg&amp;h=175&amp;q=90&amp;f=.jpg\" alt=\"Mark-Uhlenbruch-Urbex-Beauty-7-von-13\" width=\"312\" height=\"175\" \/><\/a><p class=\"jig-HTMLdescription\">Mark-Uhlenbruch-Urbex-Beauty-7-von-13<br\/><\/p><\/li><li><a href=\"https:\/\/uhlenbru.ch\/\/wp-content\/gallery\/beauty\/meike-hotel-10-von-31.jpg\" title=\"Mark Uhlenbruch Fotografie Beauty &amp; Portr\u00e4t\"><img loading=\"lazy\" decoding=\"async\" src=\"https:\/\/uhlenbru.ch\/wp-content\/plugins\/justified-image-grid\/timthumb.php?src=https%3A%2F%2Fuhlenbru.ch%2Fwp-content%2Fgallery%2Fbeauty%2Fmeike-hotel-10-von-31.jpg&amp;h=175&amp;q=90&amp;f=.jpg\" alt=\"Mark Uhlenbruch Fotografie Beauty &amp; Portr\u00e4t\" width=\"262\" height=\"175\" \/><\/a><p class=\"jig-HTMLdescription\">Mark Uhlenbruch Fotografie Beauty & Portr\u00e4t<\/p><\/li><li><a href=\"https:\/\/uhlenbru.ch\/\/wp-content\/gallery\/beauty\/meike-hotel-14-von-31.jpg\" title=\"Mark Uhlenbruch Fotografie Beauty &amp; Portr\u00e4t\"><img loading=\"lazy\" decoding=\"async\" src=\"https:\/\/uhlenbru.ch\/wp-content\/plugins\/justified-image-grid\/timthumb.php?src=https%3A%2F%2Fuhlenbru.ch%2Fwp-content%2Fgallery%2Fbeauty%2Fmeike-hotel-14-von-31.jpg&amp;h=175&amp;q=90&amp;f=.jpg\" alt=\"Mark Uhlenbruch Fotografie Beauty &amp; Portr\u00e4t\" width=\"262\" height=\"175\" \/><\/a><p class=\"jig-HTMLdescription\">Mark Uhlenbruch Fotografie Beauty & Portr\u00e4t<\/p><\/li><li><a href=\"https:\/\/uhlenbru.ch\/\/wp-content\/gallery\/beauty\/meike-hotel-12-von-1.jpg\" title=\"Mark Uhlenbruch Fotografie Beauty &amp; Portr\u00e4t\"><img loading=\"lazy\" decoding=\"async\" src=\"https:\/\/uhlenbru.ch\/wp-content\/plugins\/justified-image-grid\/timthumb.php?src=https%3A%2F%2Fuhlenbru.ch%2Fwp-content%2Fgallery%2Fbeauty%2Fmeike-hotel-12-von-1.jpg&amp;h=175&amp;q=90&amp;f=.jpg\" alt=\"Mark Uhlenbruch Fotografie Beauty &amp; Portr\u00e4t\" width=\"303\" height=\"175\" \/><\/a><p class=\"jig-HTMLdescription\">Mark Uhlenbruch Fotografie Beauty & Portr\u00e4t<\/p><\/li><li><a href=\"https:\/\/uhlenbru.ch\/\/wp-content\/gallery\/beauty\/meike-hotel-3-von-31.jpg\" title=\"Mark Uhlenbruch Fotografie Beauty &amp; Portr\u00e4t\"><img loading=\"lazy\" decoding=\"async\" src=\"https:\/\/uhlenbru.ch\/wp-content\/plugins\/justified-image-grid\/timthumb.php?src=https%3A%2F%2Fuhlenbru.ch%2Fwp-content%2Fgallery%2Fbeauty%2Fmeike-hotel-3-von-31.jpg&amp;h=175&amp;q=90&amp;f=.jpg\" alt=\"Mark Uhlenbruch Fotografie Beauty &amp; Portr\u00e4t\" width=\"262\" height=\"175\" \/><\/a><p class=\"jig-HTMLdescription\">Mark Uhlenbruch Fotografie Beauty & Portr\u00e4t<\/p><\/li><li><a href=\"https:\/\/uhlenbru.ch\/\/wp-content\/gallery\/beauty\/meike-hotel-20-von-31.jpg\" title=\"Mark Uhlenbruch Fotografie Beauty &amp; Portr\u00e4t\"><img loading=\"lazy\" decoding=\"async\" src=\"https:\/\/uhlenbru.ch\/wp-content\/plugins\/justified-image-grid\/timthumb.php?src=https%3A%2F%2Fuhlenbru.ch%2Fwp-content%2Fgallery%2Fbeauty%2Fmeike-hotel-20-von-31.jpg&amp;h=175&amp;q=90&amp;f=.jpg\" alt=\"Mark Uhlenbruch Fotografie Beauty &amp; Portr\u00e4t\" width=\"289\" height=\"175\" \/><\/a><p class=\"jig-HTMLdescription\">Mark Uhlenbruch Fotografie Beauty & Portr\u00e4t<\/p><\/li><li><a href=\"https:\/\/uhlenbru.ch\/\/wp-content\/gallery\/beauty\/meike-hotel-37-von-1.jpg\" title=\"Mark Uhlenbruch Fotografie Beauty &amp; Portr\u00e4t\"><img loading=\"lazy\" decoding=\"async\" src=\"https:\/\/uhlenbru.ch\/wp-content\/plugins\/justified-image-grid\/timthumb.php?src=https%3A%2F%2Fuhlenbru.ch%2Fwp-content%2Fgallery%2Fbeauty%2Fmeike-hotel-37-von-1.jpg&amp;h=175&amp;q=90&amp;f=.jpg\" alt=\"Mark Uhlenbruch Fotografie Beauty &amp; Portr\u00e4t\" width=\"116\" height=\"175\" \/><\/a><p class=\"jig-HTMLdescription\">Mark Uhlenbruch Fotografie Beauty & Portr\u00e4t<\/p><\/li><li><a href=\"https:\/\/uhlenbru.ch\/\/wp-content\/gallery\/beauty\/meike-hotel-22-von-1.jpg\" title=\"Mark Uhlenbruch Fotografie Beauty &amp; Portr\u00e4t\"><img loading=\"lazy\" decoding=\"async\" src=\"https:\/\/uhlenbru.ch\/wp-content\/plugins\/justified-image-grid\/timthumb.php?src=https%3A%2F%2Fuhlenbru.ch%2Fwp-content%2Fgallery%2Fbeauty%2Fmeike-hotel-22-von-1.jpg&amp;h=175&amp;q=90&amp;f=.jpg\" alt=\"Mark Uhlenbruch Fotografie Beauty &amp; Portr\u00e4t\" width=\"116\" height=\"175\" \/><\/a><p class=\"jig-HTMLdescription\">Mark Uhlenbruch Fotografie Beauty & Portr\u00e4t<\/p><\/li><li><a href=\"https:\/\/uhlenbru.ch\/\/wp-content\/gallery\/beauty\/meike-hotel-59-von-1.jpg\" title=\"Mark Uhlenbruch Fotografie Beauty &amp; Portr\u00e4t\"><img loading=\"lazy\" decoding=\"async\" src=\"https:\/\/uhlenbru.ch\/wp-content\/plugins\/justified-image-grid\/timthumb.php?src=https%3A%2F%2Fuhlenbru.ch%2Fwp-content%2Fgallery%2Fbeauty%2Fmeike-hotel-59-von-1.jpg&amp;h=175&amp;q=90&amp;f=.jpg\" alt=\"Mark Uhlenbruch Fotografie Beauty &amp; Portr\u00e4t\" width=\"116\" height=\"175\" \/><\/a><p class=\"jig-HTMLdescription\">Mark Uhlenbruch Fotografie Beauty & Portr\u00e4t<\/p><\/li><li><a href=\"https:\/\/uhlenbru.ch\/\/wp-content\/gallery\/beauty\/meike-hotel-76-von-1.jpg\" title=\"Mark Uhlenbruch Fotografie Beauty &amp; Portr\u00e4t\"><img loading=\"lazy\" decoding=\"async\" src=\"https:\/\/uhlenbru.ch\/wp-content\/plugins\/justified-image-grid\/timthumb.php?src=https%3A%2F%2Fuhlenbru.ch%2Fwp-content%2Fgallery%2Fbeauty%2Fmeike-hotel-76-von-1.jpg&amp;h=175&amp;q=90&amp;f=.jpg\" alt=\"Mark Uhlenbruch Fotografie Beauty &amp; Portr\u00e4t\" width=\"116\" height=\"175\" \/><\/a><p class=\"jig-HTMLdescription\">Mark Uhlenbruch Fotografie Beauty & Portr\u00e4t<\/p><\/li><li><a href=\"https:\/\/uhlenbru.ch\/\/wp-content\/gallery\/beauty\/meike-hotel-73-von-1.jpg\" title=\"Mark Uhlenbruch Fotografie Beauty &amp; Portr\u00e4t\"><img loading=\"lazy\" decoding=\"async\" src=\"https:\/\/uhlenbru.ch\/wp-content\/plugins\/justified-image-grid\/timthumb.php?src=https%3A%2F%2Fuhlenbru.ch%2Fwp-content%2Fgallery%2Fbeauty%2Fmeike-hotel-73-von-1.jpg&amp;h=175&amp;q=90&amp;f=.jpg\" alt=\"Mark Uhlenbruch Fotografie Beauty &amp; Portr\u00e4t\" width=\"116\" height=\"175\" \/><\/a><p class=\"jig-HTMLdescription\">Mark Uhlenbruch Fotografie Beauty & Portr\u00e4t<\/p><\/li><li><a href=\"https:\/\/uhlenbru.ch\/\/wp-content\/gallery\/beauty\/Mark-Uhlenbruch-Urbex-Beauty-3-von-13.jpg\"><img loading=\"lazy\" decoding=\"async\" src=\"https:\/\/uhlenbru.ch\/wp-content\/plugins\/justified-image-grid\/timthumb.php?src=https%3A%2F%2Fuhlenbru.ch%2Fwp-content%2Fgallery%2Fbeauty%2FMark-Uhlenbruch-Urbex-Beauty-3-von-13.jpg&amp;h=175&amp;q=90&amp;f=.jpg\" alt=\"Mark-Uhlenbruch-Urbex-Beauty-3-von-13\" width=\"312\" height=\"175\" \/><\/a><p class=\"jig-HTMLdescription\">Mark-Uhlenbruch-Urbex-Beauty-3-von-13<br\/><\/p><\/li><li><a href=\"https:\/\/uhlenbru.ch\/\/wp-content\/gallery\/beauty\/Mark-Uhlenbruch-Urbex-Beauty-4-von-13.jpg\"><img loading=\"lazy\" decoding=\"async\" src=\"https:\/\/uhlenbru.ch\/wp-content\/plugins\/justified-image-grid\/timthumb.php?src=https%3A%2F%2Fuhlenbru.ch%2Fwp-content%2Fgallery%2Fbeauty%2FMark-Uhlenbruch-Urbex-Beauty-4-von-13.jpg&amp;h=175&amp;q=90&amp;f=.jpg\" alt=\"Mark-Uhlenbruch-Urbex-Beauty-4-von-13\" width=\"312\" height=\"175\" \/><\/a><p class=\"jig-HTMLdescription\">Mark-Uhlenbruch-Urbex-Beauty-4-von-13<br\/><\/p><\/li><li><a href=\"https:\/\/uhlenbru.ch\/\/wp-content\/gallery\/beauty\/meike-hafen-1-von-1.jpg\" title=\"Mark Uhlenbruch Fotografie Beauty &amp; Portr\u00e4t\"><img loading=\"lazy\" decoding=\"async\" src=\"https:\/\/uhlenbru.ch\/wp-content\/plugins\/justified-image-grid\/timthumb.php?src=https%3A%2F%2Fuhlenbru.ch%2Fwp-content%2Fgallery%2Fbeauty%2Fmeike-hafen-1-von-1.jpg&amp;h=175&amp;q=90&amp;f=.jpg\" alt=\"Mark Uhlenbruch Fotografie Beauty &amp; Portr\u00e4t\" width=\"116\" height=\"175\" \/><\/a><p class=\"jig-HTMLdescription\">Mark Uhlenbruch Fotografie Beauty & Portr\u00e4t<\/p><\/li><li><a href=\"https:\/\/uhlenbru.ch\/\/wp-content\/gallery\/beauty\/d-87-von-5.jpg\" title=\"Mark Uhlenbruch Fotografie Beauty &amp; Portr\u00e4t\"><img loading=\"lazy\" decoding=\"async\" src=\"https:\/\/uhlenbru.ch\/wp-content\/plugins\/justified-image-grid\/timthumb.php?src=https%3A%2F%2Fuhlenbru.ch%2Fwp-content%2Fgallery%2Fbeauty%2Fd-87-von-5.jpg&amp;h=175&amp;q=90&amp;f=.jpg\" alt=\"Mark Uhlenbruch Fotografie Beauty &amp; Portr\u00e4t  Jill Deimel\" width=\"331\" height=\"175\" \/><\/a><p class=\"jig-HTMLdescription\">Mark Uhlenbruch Fotografie Beauty & Portr\u00e4t  Jill Deimel<br\/>Mark Uhlenbruch Fotografie Beauty & Portr\u00e4t<\/p><\/li><li><a href=\"https:\/\/uhlenbru.ch\/\/wp-content\/gallery\/beauty\/d-75-von-1.jpg\" title=\"Mark Uhlenbruch Fotografie Beauty &amp; Portr\u00e4t\"><img loading=\"lazy\" decoding=\"async\" src=\"https:\/\/uhlenbru.ch\/wp-content\/plugins\/justified-image-grid\/timthumb.php?src=https%3A%2F%2Fuhlenbru.ch%2Fwp-content%2Fgallery%2Fbeauty%2Fd-75-von-1.jpg&amp;h=175&amp;q=90&amp;f=.jpg\" alt=\"Mark Uhlenbruch Fotografie Beauty &amp; Portr\u00e4t\" width=\"262\" height=\"175\" \/><\/a><p class=\"jig-HTMLdescription\">Mark Uhlenbruch Fotografie Beauty & Portr\u00e4t<\/p><\/li><li><a href=\"https:\/\/uhlenbru.ch\/\/wp-content\/gallery\/beauty\/meike-hafen-3-von-1.jpg\" title=\"Mark Uhlenbruch Fotografie Beauty &amp; Portr\u00e4t\"><img loading=\"lazy\" decoding=\"async\" src=\"https:\/\/uhlenbru.ch\/wp-content\/plugins\/justified-image-grid\/timthumb.php?src=https%3A%2F%2Fuhlenbru.ch%2Fwp-content%2Fgallery%2Fbeauty%2Fmeike-hafen-3-von-1.jpg&amp;h=175&amp;q=90&amp;f=.jpg\" alt=\"Mark Uhlenbruch Fotografie Beauty &amp; Portr\u00e4t\" width=\"116\" height=\"175\" \/><\/a><p class=\"jig-HTMLdescription\">Mark Uhlenbruch Fotografie Beauty & Portr\u00e4t<\/p><\/li><li><a href=\"https:\/\/uhlenbru.ch\/\/wp-content\/gallery\/beauty\/meike-1-von-1.jpg\" title=\"Mark Uhlenbruch Fotografie Beauty &amp; Portr\u00e4t\"><img loading=\"lazy\" decoding=\"async\" src=\"https:\/\/uhlenbru.ch\/wp-content\/plugins\/justified-image-grid\/timthumb.php?src=https%3A%2F%2Fuhlenbru.ch%2Fwp-content%2Fgallery%2Fbeauty%2Fmeike-1-von-1.jpg&amp;h=175&amp;q=90&amp;f=.jpg\" alt=\"Mark Uhlenbruch Fotografie Beauty &amp; Portr\u00e4t\" width=\"262\" height=\"175\" \/><\/a><p class=\"jig-HTMLdescription\">Mark Uhlenbruch Fotografie Beauty & Portr\u00e4t<\/p><\/li><li><a href=\"https:\/\/uhlenbru.ch\/\/wp-content\/gallery\/beauty\/meike-28-von-15.jpg\" title=\"Mark Uhlenbruch Fotografie Beauty &amp; Portr\u00e4t\"><img loading=\"lazy\" decoding=\"async\" src=\"https:\/\/uhlenbru.ch\/wp-content\/plugins\/justified-image-grid\/timthumb.php?src=https%3A%2F%2Fuhlenbru.ch%2Fwp-content%2Fgallery%2Fbeauty%2Fmeike-28-von-15.jpg&amp;h=175&amp;q=90&amp;f=.jpg\" alt=\"Mark Uhlenbruch Fotografie Beauty &amp; Portr\u00e4t\" width=\"100\" height=\"175\" \/><\/a><p class=\"jig-HTMLdescription\">Mark Uhlenbruch Fotografie Beauty & Portr\u00e4t<\/p><\/li><li><a href=\"https:\/\/uhlenbru.ch\/\/wp-content\/gallery\/beauty\/entretata-102-von-4.jpg\" title=\"Mark Uhlenbruch Fotografie Beauty &amp; Portr\u00e4t\"><img loading=\"lazy\" decoding=\"async\" src=\"https:\/\/uhlenbru.ch\/wp-content\/plugins\/justified-image-grid\/timthumb.php?src=https%3A%2F%2Fuhlenbru.ch%2Fwp-content%2Fgallery%2Fbeauty%2Fentretata-102-von-4.jpg&amp;h=175&amp;q=90&amp;f=.jpg\" alt=\"Mark Uhlenbruch Fotografie Beauty &amp; Portr\u00e4t\" width=\"116\" height=\"175\" \/><\/a><p class=\"jig-HTMLdescription\">Mark Uhlenbruch Fotografie Beauty & Portr\u00e4t<\/p><\/li><li><a href=\"https:\/\/uhlenbru.ch\/\/wp-content\/gallery\/beauty\/d-72-von-1.jpg\" title=\"Mark Uhlenbruch Fotografie Beauty &amp; Portr\u00e4t\"><img loading=\"lazy\" decoding=\"async\" src=\"https:\/\/uhlenbru.ch\/wp-content\/plugins\/justified-image-grid\/timthumb.php?src=https%3A%2F%2Fuhlenbru.ch%2Fwp-content%2Fgallery%2Fbeauty%2Fd-72-von-1.jpg&amp;h=175&amp;q=90&amp;f=.jpg\" alt=\"Mark Uhlenbruch Fotografie Beauty &amp; Portr\u00e4t\" width=\"116\" height=\"175\" \/><\/a><p class=\"jig-HTMLdescription\">Mark Uhlenbruch Fotografie Beauty & Portr\u00e4t<\/p><\/li><li><a href=\"https:\/\/uhlenbru.ch\/\/wp-content\/gallery\/beauty\/meike-hafen-5-von-1.jpg\" title=\"Mark Uhlenbruch Fotografie Beauty &amp; Portr\u00e4t\"><img loading=\"lazy\" decoding=\"async\" src=\"https:\/\/uhlenbru.ch\/wp-content\/plugins\/justified-image-grid\/timthumb.php?src=https%3A%2F%2Fuhlenbru.ch%2Fwp-content%2Fgallery%2Fbeauty%2Fmeike-hafen-5-von-1.jpg&amp;h=175&amp;q=90&amp;f=.jpg\" alt=\"Mark Uhlenbruch Fotografie Beauty &amp; Portr\u00e4t\" width=\"301\" height=\"175\" \/><\/a><p class=\"jig-HTMLdescription\">Mark Uhlenbruch Fotografie Beauty & Portr\u00e4t<\/p><\/li><li><a href=\"https:\/\/uhlenbru.ch\/\/wp-content\/gallery\/beauty\/Unbenannt-3.jpg\" title=\"Mark Uhlenbruch Fotografie Beauty &amp; Portr\u00e4t\"><img loading=\"lazy\" decoding=\"async\" src=\"https:\/\/uhlenbru.ch\/wp-content\/plugins\/justified-image-grid\/timthumb.php?src=https%3A%2F%2Fuhlenbru.ch%2Fwp-content%2Fgallery%2Fbeauty%2FUnbenannt-3.jpg&amp;h=175&amp;q=90&amp;f=.jpg\" alt=\"Mark Uhlenbruch Fotografie Beauty &amp; Portr\u00e4t\" width=\"120\" height=\"175\" \/><\/a><p class=\"jig-HTMLdescription\">Mark Uhlenbruch Fotografie Beauty & Portr\u00e4t<\/p><\/li><li><a href=\"https:\/\/uhlenbru.ch\/\/wp-content\/gallery\/beauty\/d-73-von-1.jpg\" title=\"Mark Uhlenbruch Fotografie Beauty &amp; Portr\u00e4t\"><img loading=\"lazy\" decoding=\"async\" src=\"https:\/\/uhlenbru.ch\/wp-content\/plugins\/justified-image-grid\/timthumb.php?src=https%3A%2F%2Fuhlenbru.ch%2Fwp-content%2Fgallery%2Fbeauty%2Fd-73-von-1.jpg&amp;h=175&amp;q=90&amp;f=.jpg\" alt=\"Mark Uhlenbruch Fotografie Beauty &amp; Portr\u00e4t\" width=\"115\" height=\"175\" \/><\/a><p class=\"jig-HTMLdescription\">Mark Uhlenbruch Fotografie Beauty & Portr\u00e4t<\/p><\/li><li><a href=\"https:\/\/uhlenbru.ch\/\/wp-content\/gallery\/beauty\/geige-027.jpg\" title=\"Mark Uhlenbruch Fotografie Beauty &amp; Portr\u00e4t\"><img loading=\"lazy\" decoding=\"async\" src=\"https:\/\/uhlenbru.ch\/wp-content\/plugins\/justified-image-grid\/timthumb.php?src=https%3A%2F%2Fuhlenbru.ch%2Fwp-content%2Fgallery%2Fbeauty%2Fgeige-027.jpg&amp;h=175&amp;q=90&amp;f=.jpg\" alt=\"Mark Uhlenbruch Fotografie Beauty &amp; Portr\u00e4t\" width=\"310\" height=\"175\" \/><\/a><p class=\"jig-HTMLdescription\">Mark Uhlenbruch Fotografie Beauty & Portr\u00e4t<\/p><\/li><li><a href=\"https:\/\/uhlenbru.ch\/\/wp-content\/gallery\/beauty\/meike-35-von-15.jpg\" title=\"Mark Uhlenbruch Fotografie Beauty &amp; Portr\u00e4t\"><img loading=\"lazy\" decoding=\"async\" src=\"https:\/\/uhlenbru.ch\/wp-content\/plugins\/justified-image-grid\/timthumb.php?src=https%3A%2F%2Fuhlenbru.ch%2Fwp-content%2Fgallery%2Fbeauty%2Fmeike-35-von-15.jpg&amp;h=175&amp;q=90&amp;f=.jpg\" alt=\"Mark Uhlenbruch Fotografie Beauty &amp; Portr\u00e4t\" width=\"101\" height=\"175\" \/><\/a><p class=\"jig-HTMLdescription\">Mark Uhlenbruch Fotografie Beauty & Portr\u00e4t<\/p><\/li><li><a href=\"https:\/\/uhlenbru.ch\/\/wp-content\/gallery\/beauty\/parkhaus-17-von-1.jpg\" title=\"Mark Uhlenbruch Fotografie Beauty &amp; Portr\u00e4t\"><img loading=\"lazy\" decoding=\"async\" src=\"https:\/\/uhlenbru.ch\/wp-content\/plugins\/justified-image-grid\/timthumb.php?src=https%3A%2F%2Fuhlenbru.ch%2Fwp-content%2Fgallery%2Fbeauty%2Fparkhaus-17-von-1.jpg&amp;h=175&amp;q=90&amp;f=.jpg\" alt=\"Mark Uhlenbruch Fotografie Beauty &amp; Portr\u00e4t\" width=\"174\" height=\"175\" \/><\/a><p class=\"jig-HTMLdescription\">Mark Uhlenbruch Fotografie Beauty & Portr\u00e4t<\/p><\/li><li><a href=\"https:\/\/uhlenbru.ch\/\/wp-content\/gallery\/beauty\/lea-0125.jpg\" title=\"Mark Uhlenbruch Fotografie Beauty &amp; Portr\u00e4t\"><img loading=\"lazy\" decoding=\"async\" src=\"https:\/\/uhlenbru.ch\/wp-content\/plugins\/justified-image-grid\/timthumb.php?src=https%3A%2F%2Fuhlenbru.ch%2Fwp-content%2Fgallery%2Fbeauty%2Flea-0125.jpg&amp;h=175&amp;q=90&amp;f=.jpg\" alt=\"Mark Uhlenbruch Fotografie Beauty &amp; Portr\u00e4t\" width=\"262\" height=\"175\" \/><\/a><p class=\"jig-HTMLdescription\">Mark Uhlenbruch Fotografie Beauty & Portr\u00e4t<\/p><\/li><li><a href=\"https:\/\/uhlenbru.ch\/\/wp-content\/gallery\/beauty\/d-90-von-5.jpg\" title=\"Mark Uhlenbruch Fotografie Beauty &amp; Portr\u00e4t\"><img loading=\"lazy\" decoding=\"async\" src=\"https:\/\/uhlenbru.ch\/wp-content\/plugins\/justified-image-grid\/timthumb.php?src=https%3A%2F%2Fuhlenbru.ch%2Fwp-content%2Fgallery%2Fbeauty%2Fd-90-von-5.jpg&amp;h=175&amp;q=90&amp;f=.jpg\" alt=\"Mark Uhlenbruch Fotografie Beauty &amp; Portr\u00e4t  Jill Deimel\" width=\"140\" height=\"175\" \/><\/a><p class=\"jig-HTMLdescription\">Mark Uhlenbruch Fotografie Beauty & Portr\u00e4t  Jill Deimel<br\/>Mark Uhlenbruch Fotografie Beauty & Portr\u00e4t<\/p><\/li><li><a href=\"https:\/\/uhlenbru.ch\/\/wp-content\/gallery\/beauty\/parkhaus-11-von-1.jpg\" title=\"Mark Uhlenbruch Fotografie Beauty &amp; Portr\u00e4t\"><img loading=\"lazy\" decoding=\"async\" src=\"https:\/\/uhlenbru.ch\/wp-content\/plugins\/justified-image-grid\/timthumb.php?src=https%3A%2F%2Fuhlenbru.ch%2Fwp-content%2Fgallery%2Fbeauty%2Fparkhaus-11-von-1.jpg&amp;h=175&amp;q=90&amp;f=.jpg\" alt=\"Mark Uhlenbruch Fotografie Beauty &amp; Portr\u00e4t\" width=\"290\" height=\"175\" \/><\/a><p class=\"jig-HTMLdescription\">Mark Uhlenbruch Fotografie Beauty & Portr\u00e4t<\/p><\/li><li><a href=\"https:\/\/uhlenbru.ch\/\/wp-content\/gallery\/beauty\/meike-34-von-15.jpg\" title=\"Mark Uhlenbruch Fotografie Beauty &amp; Portr\u00e4t\"><img loading=\"lazy\" decoding=\"async\" src=\"https:\/\/uhlenbru.ch\/wp-content\/plugins\/justified-image-grid\/timthumb.php?src=https%3A%2F%2Fuhlenbru.ch%2Fwp-content%2Fgallery%2Fbeauty%2Fmeike-34-von-15.jpg&amp;h=175&amp;q=90&amp;f=.jpg\" alt=\"Mark Uhlenbruch Fotografie Beauty &amp; Portr\u00e4t\" width=\"100\" height=\"175\" \/><\/a><p class=\"jig-HTMLdescription\">Mark Uhlenbruch Fotografie Beauty & Portr\u00e4t<\/p><\/li><li><a href=\"https:\/\/uhlenbru.ch\/\/wp-content\/gallery\/beauty\/meike-30-von-15.jpg\" title=\"Mark Uhlenbruch Fotografie Beauty &amp; Portr\u00e4t\"><img loading=\"lazy\" decoding=\"async\" src=\"https:\/\/uhlenbru.ch\/wp-content\/plugins\/justified-image-grid\/timthumb.php?src=https%3A%2F%2Fuhlenbru.ch%2Fwp-content%2Fgallery%2Fbeauty%2Fmeike-30-von-15.jpg&amp;h=175&amp;q=90&amp;f=.jpg\" alt=\"Mark Uhlenbruch Fotografie Beauty &amp; Portr\u00e4t\" width=\"100\" height=\"175\" \/><\/a><p class=\"jig-HTMLdescription\">Mark Uhlenbruch Fotografie Beauty & Portr\u00e4t<\/p><\/li><li><a href=\"https:\/\/uhlenbru.ch\/\/wp-content\/gallery\/beauty\/d-76-von-1.jpg\" title=\"Mark Uhlenbruch Fotografie Beauty &amp; Portr\u00e4t\"><img loading=\"lazy\" decoding=\"async\" src=\"https:\/\/uhlenbru.ch\/wp-content\/plugins\/justified-image-grid\/timthumb.php?src=https%3A%2F%2Fuhlenbru.ch%2Fwp-content%2Fgallery%2Fbeauty%2Fd-76-von-1.jpg&amp;h=175&amp;q=90&amp;f=.jpg\" alt=\"Mark Uhlenbruch Fotografie Beauty &amp; Portr\u00e4t\" width=\"120\" height=\"175\" \/><\/a><p class=\"jig-HTMLdescription\">Mark Uhlenbruch Fotografie Beauty & Portr\u00e4t<\/p><\/li><li><a href=\"https:\/\/uhlenbru.ch\/\/wp-content\/gallery\/beauty\/meike-51-von-27.jpg\" title=\"Mark Uhlenbruch Fotografie Beauty &amp; Portr\u00e4t\"><img loading=\"lazy\" decoding=\"async\" src=\"https:\/\/uhlenbru.ch\/wp-content\/plugins\/justified-image-grid\/timthumb.php?src=https%3A%2F%2Fuhlenbru.ch%2Fwp-content%2Fgallery%2Fbeauty%2Fmeike-51-von-27.jpg&amp;h=175&amp;q=90&amp;f=.jpg\" alt=\"Mark Uhlenbruch Fotografie Beauty &amp; Portr\u00e4t\" width=\"100\" height=\"175\" \/><\/a><p class=\"jig-HTMLdescription\">Mark Uhlenbruch Fotografie Beauty & Portr\u00e4t<\/p><\/li><li><a href=\"https:\/\/uhlenbru.ch\/\/wp-content\/gallery\/beauty\/meike-31-von-15.jpg\" title=\"Mark Uhlenbruch Fotografie Beauty &amp; Portr\u00e4t\"><img loading=\"lazy\" decoding=\"async\" src=\"https:\/\/uhlenbru.ch\/wp-content\/plugins\/justified-image-grid\/timthumb.php?src=https%3A%2F%2Fuhlenbru.ch%2Fwp-content%2Fgallery%2Fbeauty%2Fmeike-31-von-15.jpg&amp;h=175&amp;q=90&amp;f=.jpg\" alt=\"Mark Uhlenbruch Fotografie Beauty &amp; Portr\u00e4t\" width=\"97\" height=\"175\" \/><\/a><p class=\"jig-HTMLdescription\">Mark Uhlenbruch Fotografie Beauty & Portr\u00e4t<\/p><\/li><li><a href=\"https:\/\/uhlenbru.ch\/\/wp-content\/gallery\/beauty\/jill-70-von-1.jpg\" title=\"Mark Uhlenbruch Fotografie Beauty &amp; Portr\u00e4t\"><img loading=\"lazy\" decoding=\"async\" src=\"https:\/\/uhlenbru.ch\/wp-content\/plugins\/justified-image-grid\/timthumb.php?src=https%3A%2F%2Fuhlenbru.ch%2Fwp-content%2Fgallery%2Fbeauty%2Fjill-70-von-1.jpg&amp;h=175&amp;q=90&amp;f=.jpg\" alt=\"Mark Uhlenbruch Fotografie Beauty &amp; Portr\u00e4t  Jill Deimel\" width=\"110\" height=\"175\" \/><\/a><p class=\"jig-HTMLdescription\">Mark Uhlenbruch Fotografie Beauty & Portr\u00e4t  Jill Deimel<br\/>Mark Uhlenbruch Fotografie Beauty & Portr\u00e4t<\/p><\/li><li><a href=\"https:\/\/uhlenbru.ch\/\/wp-content\/gallery\/beauty\/entretata-104-von-1-Kopie.jpg\" title=\"Mark Uhlenbruch Fotografie Beauty &amp; Portr\u00e4t\"><img loading=\"lazy\" decoding=\"async\" src=\"https:\/\/uhlenbru.ch\/wp-content\/plugins\/justified-image-grid\/timthumb.php?src=https%3A%2F%2Fuhlenbru.ch%2Fwp-content%2Fgallery%2Fbeauty%2Fentretata-104-von-1-Kopie.jpg&amp;h=175&amp;q=90&amp;f=.jpg\" alt=\"Mark Uhlenbruch Fotografie Beauty &amp; Portr\u00e4t\" width=\"280\" height=\"175\" \/><\/a><p class=\"jig-HTMLdescription\">Mark Uhlenbruch Fotografie Beauty & Portr\u00e4t<\/p><\/li><li><a href=\"https:\/\/uhlenbru.ch\/\/wp-content\/gallery\/beauty\/d-80-von-1.jpg\" title=\"Mark Uhlenbruch Fotografie Beauty &amp; Portr\u00e4t\"><img loading=\"lazy\" decoding=\"async\" src=\"https:\/\/uhlenbru.ch\/wp-content\/plugins\/justified-image-grid\/timthumb.php?src=https%3A%2F%2Fuhlenbru.ch%2Fwp-content%2Fgallery%2Fbeauty%2Fd-80-von-1.jpg&amp;h=175&amp;q=90&amp;f=.jpg\" alt=\"Mark Uhlenbruch Fotografie Beauty &amp; Portr\u00e4t\" width=\"116\" height=\"175\" \/><\/a><p class=\"jig-HTMLdescription\">Mark Uhlenbruch Fotografie Beauty & Portr\u00e4t<\/p><\/li><li><a href=\"https:\/\/uhlenbru.ch\/\/wp-content\/gallery\/beauty\/meike-32-von-15.jpg\" title=\"Mark Uhlenbruch Fotografie Beauty &amp; Portr\u00e4t\"><img loading=\"lazy\" decoding=\"async\" src=\"https:\/\/uhlenbru.ch\/wp-content\/plugins\/justified-image-grid\/timthumb.php?src=https%3A%2F%2Fuhlenbru.ch%2Fwp-content%2Fgallery%2Fbeauty%2Fmeike-32-von-15.jpg&amp;h=175&amp;q=90&amp;f=.jpg\" alt=\"Mark Uhlenbruch Fotografie Beauty &amp; Portr\u00e4t\" width=\"100\" height=\"175\" \/><\/a><p class=\"jig-HTMLdescription\">Mark Uhlenbruch Fotografie Beauty & Portr\u00e4t<\/p><\/li><li><a href=\"https:\/\/uhlenbru.ch\/\/wp-content\/gallery\/beauty\/meike-26-von-15.jpg\" title=\"Mark Uhlenbruch Fotografie Beauty &amp; Portr\u00e4t\"><img loading=\"lazy\" decoding=\"async\" src=\"https:\/\/uhlenbru.ch\/wp-content\/plugins\/justified-image-grid\/timthumb.php?src=https%3A%2F%2Fuhlenbru.ch%2Fwp-content%2Fgallery%2Fbeauty%2Fmeike-26-von-15.jpg&amp;h=175&amp;q=90&amp;f=.jpg\" alt=\"Mark Uhlenbruch Fotografie Beauty &amp; Portr\u00e4t\" width=\"100\" height=\"175\" \/><\/a><p class=\"jig-HTMLdescription\">Mark Uhlenbruch Fotografie Beauty & Portr\u00e4t<\/p><\/li><li><a href=\"https:\/\/uhlenbru.ch\/\/wp-content\/gallery\/beauty\/meike-24-von-1.jpg\" title=\"Mark Uhlenbruch Fotografie Beauty &amp; Portr\u00e4t\"><img loading=\"lazy\" decoding=\"async\" src=\"https:\/\/uhlenbru.ch\/wp-content\/plugins\/justified-image-grid\/timthumb.php?src=https%3A%2F%2Fuhlenbru.ch%2Fwp-content%2Fgallery%2Fbeauty%2Fmeike-24-von-1.jpg&amp;h=175&amp;q=90&amp;f=.jpg\" alt=\"Mark Uhlenbruch Fotografie Beauty &amp; Portr\u00e4t\" width=\"116\" height=\"175\" \/><\/a><p class=\"jig-HTMLdescription\">Mark Uhlenbruch Fotografie Beauty & Portr\u00e4t<\/p><\/li><li><a href=\"https:\/\/uhlenbru.ch\/\/wp-content\/gallery\/beauty\/meike-27-von-15.jpg\" title=\"Mark Uhlenbruch Fotografie Beauty &amp; Portr\u00e4t\"><img loading=\"lazy\" decoding=\"async\" src=\"https:\/\/uhlenbru.ch\/wp-content\/plugins\/justified-image-grid\/timthumb.php?src=https%3A%2F%2Fuhlenbru.ch%2Fwp-content%2Fgallery%2Fbeauty%2Fmeike-27-von-15.jpg&amp;h=175&amp;q=90&amp;f=.jpg\" alt=\"Mark Uhlenbruch Fotografie Beauty &amp; Portr\u00e4t\" width=\"100\" height=\"175\" \/><\/a><p class=\"jig-HTMLdescription\">Mark Uhlenbruch Fotografie Beauty & Portr\u00e4t<\/p><\/li><li><a href=\"https:\/\/uhlenbru.ch\/\/wp-content\/gallery\/beauty\/meike-9-von-1.jpg\" title=\"Mark Uhlenbruch Fotografie Beauty &amp; Portr\u00e4t\"><img loading=\"lazy\" decoding=\"async\" src=\"https:\/\/uhlenbru.ch\/wp-content\/plugins\/justified-image-grid\/timthumb.php?src=https%3A%2F%2Fuhlenbru.ch%2Fwp-content%2Fgallery%2Fbeauty%2Fmeike-9-von-1.jpg&amp;h=175&amp;q=90&amp;f=.jpg\" alt=\"Mark Uhlenbruch Fotografie Beauty &amp; Portr\u00e4t\" width=\"116\" height=\"175\" \/><\/a><p class=\"jig-HTMLdescription\">Mark Uhlenbruch Fotografie Beauty & Portr\u00e4t<\/p><\/li><li><a href=\"https:\/\/uhlenbru.ch\/\/wp-content\/gallery\/beauty\/d-89-von-5.jpg\" title=\"Mark Uhlenbruch Fotografie Beauty &amp; Portr\u00e4t\"><img loading=\"lazy\" decoding=\"async\" src=\"https:\/\/uhlenbru.ch\/wp-content\/plugins\/justified-image-grid\/timthumb.php?src=https%3A%2F%2Fuhlenbru.ch%2Fwp-content%2Fgallery%2Fbeauty%2Fd-89-von-5.jpg&amp;h=175&amp;q=90&amp;f=.jpg\" alt=\"Mark Uhlenbruch Fotografie Beauty &amp; Portr\u00e4t\" width=\"116\" height=\"175\" \/><\/a><p class=\"jig-HTMLdescription\">Mark Uhlenbruch Fotografie Beauty & Portr\u00e4t<\/p><\/li><li><a href=\"https:\/\/uhlenbru.ch\/\/wp-content\/gallery\/beauty\/parkhaus-21-von-1.jpg\" title=\"Mark Uhlenbruch Fotografie Beauty &amp; Portr\u00e4t\"><img loading=\"lazy\" decoding=\"async\" src=\"https:\/\/uhlenbru.ch\/wp-content\/plugins\/justified-image-grid\/timthumb.php?src=https%3A%2F%2Fuhlenbru.ch%2Fwp-content%2Fgallery%2Fbeauty%2Fparkhaus-21-von-1.jpg&amp;h=175&amp;q=90&amp;f=.jpg\" alt=\"Mark Uhlenbruch Fotografie Beauty &amp; Portr\u00e4t\" width=\"262\" height=\"175\" \/><\/a><p class=\"jig-HTMLdescription\">Mark Uhlenbruch Fotografie Beauty & Portr\u00e4t<\/p><\/li><li><a href=\"https:\/\/uhlenbru.ch\/\/wp-content\/gallery\/beauty\/meike-12.jpg\" title=\"Mark Uhlenbruch Fotografie Beauty &amp; Portr\u00e4t\"><img loading=\"lazy\" decoding=\"async\" src=\"https:\/\/uhlenbru.ch\/wp-content\/plugins\/justified-image-grid\/timthumb.php?src=https%3A%2F%2Fuhlenbru.ch%2Fwp-content%2Fgallery%2Fbeauty%2Fmeike-12.jpg&amp;h=175&amp;q=90&amp;f=.jpg\" alt=\"Mark Uhlenbruch Fotografie Beauty &amp; Portr\u00e4t\" width=\"303\" height=\"175\" \/><\/a><p class=\"jig-HTMLdescription\">Mark Uhlenbruch Fotografie Beauty & Portr\u00e4t<\/p><\/li><li><a href=\"https:\/\/uhlenbru.ch\/\/wp-content\/gallery\/beauty\/entretata-103-von-4.jpg\" title=\"Mark Uhlenbruch Fotografie Beauty &amp; Portr\u00e4t\"><img loading=\"lazy\" decoding=\"async\" src=\"https:\/\/uhlenbru.ch\/wp-content\/plugins\/justified-image-grid\/timthumb.php?src=https%3A%2F%2Fuhlenbru.ch%2Fwp-content%2Fgallery%2Fbeauty%2Fentretata-103-von-4.jpg&amp;h=175&amp;q=90&amp;f=.jpg\" alt=\"Mark Uhlenbruch Fotografie Beauty &amp; Portr\u00e4t\" width=\"262\" height=\"175\" \/><\/a><p class=\"jig-HTMLdescription\">Mark Uhlenbruch Fotografie Beauty & Portr\u00e4t<\/p><\/li><li><a href=\"https:\/\/uhlenbru.ch\/\/wp-content\/gallery\/beauty\/lea-0126.jpg\" title=\"Mark Uhlenbruch Fotografie Beauty &amp; Portr\u00e4t\"><img loading=\"lazy\" decoding=\"async\" src=\"https:\/\/uhlenbru.ch\/wp-content\/plugins\/justified-image-grid\/timthumb.php?src=https%3A%2F%2Fuhlenbru.ch%2Fwp-content%2Fgallery%2Fbeauty%2Flea-0126.jpg&amp;h=175&amp;q=90&amp;f=.jpg\" alt=\"Mark Uhlenbruch Fotografie Beauty &amp; Portr\u00e4t\" width=\"116\" height=\"175\" \/><\/a><p class=\"jig-HTMLdescription\">Mark Uhlenbruch Fotografie Beauty & Portr\u00e4t<\/p><\/li><li><a href=\"https:\/\/uhlenbru.ch\/\/wp-content\/gallery\/beauty\/entretata-101-von-4.jpg\" title=\"Mark Uhlenbruch Fotografie Beauty &amp; Portr\u00e4t\"><img loading=\"lazy\" decoding=\"async\" src=\"https:\/\/uhlenbru.ch\/wp-content\/plugins\/justified-image-grid\/timthumb.php?src=https%3A%2F%2Fuhlenbru.ch%2Fwp-content%2Fgallery%2Fbeauty%2Fentretata-101-von-4.jpg&amp;h=175&amp;q=90&amp;f=.jpg\" alt=\"Mark Uhlenbruch Fotografie Beauty &amp; Portr\u00e4t\" width=\"116\" height=\"175\" \/><\/a><p class=\"jig-HTMLdescription\">Mark Uhlenbruch Fotografie Beauty & Portr\u00e4t<\/p><\/li><li><a href=\"https:\/\/uhlenbru.ch\/\/wp-content\/gallery\/beauty\/entretata-104-von-4.jpg\" title=\"Mark Uhlenbruch Fotografie Beauty &amp; Portr\u00e4t\"><img loading=\"lazy\" decoding=\"async\" src=\"https:\/\/uhlenbru.ch\/wp-content\/plugins\/justified-image-grid\/timthumb.php?src=https%3A%2F%2Fuhlenbru.ch%2Fwp-content%2Fgallery%2Fbeauty%2Fentretata-104-von-4.jpg&amp;h=175&amp;q=90&amp;f=.jpg\" alt=\"Mark Uhlenbruch Fotografie Beauty &amp; Portr\u00e4t\" width=\"116\" height=\"175\" \/><\/a><p class=\"jig-HTMLdescription\">Mark Uhlenbruch Fotografie Beauty & Portr\u00e4t<\/p><\/li><li><a href=\"https:\/\/uhlenbru.ch\/\/wp-content\/gallery\/beauty\/meike-49-von-27.jpg\" title=\"Mark Uhlenbruch Fotografie Beauty &amp; Portr\u00e4t\"><img loading=\"lazy\" decoding=\"async\" src=\"https:\/\/uhlenbru.ch\/wp-content\/plugins\/justified-image-grid\/timthumb.php?src=https%3A%2F%2Fuhlenbru.ch%2Fwp-content%2Fgallery%2Fbeauty%2Fmeike-49-von-27.jpg&amp;h=175&amp;q=90&amp;f=.jpg\" alt=\"Mark Uhlenbruch Fotografie Beauty &amp; Portr\u00e4t\" width=\"100\" height=\"175\" \/><\/a><p class=\"jig-HTMLdescription\">Mark Uhlenbruch Fotografie Beauty & Portr\u00e4t<\/p><\/li><li><a href=\"https:\/\/uhlenbru.ch\/\/wp-content\/gallery\/beauty\/beauty-15.jpg\" title=\"Mark Uhlenbruch Fotografie Beauty &amp; Portr\u00e4t\"><img loading=\"lazy\" decoding=\"async\" src=\"https:\/\/uhlenbru.ch\/wp-content\/plugins\/justified-image-grid\/timthumb.php?src=https%3A%2F%2Fuhlenbru.ch%2Fwp-content%2Fgallery%2Fbeauty%2Fbeauty-15.jpg&amp;h=175&amp;q=90&amp;f=.jpg\" alt=\"Mark Uhlenbruch Fotografie Beauty &amp; Portr\u00e4t\" width=\"114\" height=\"175\" \/><\/a><p class=\"jig-HTMLdescription\">Mark Uhlenbruch Fotografie Beauty & Portr\u00e4t<\/p><\/li><li><a href=\"https:\/\/uhlenbru.ch\/\/wp-content\/gallery\/beauty\/parkhaus-23-von-1.jpg\" title=\"Mark Uhlenbruch Fotografie Beauty &amp; Portr\u00e4t\"><img loading=\"lazy\" decoding=\"async\" src=\"https:\/\/uhlenbru.ch\/wp-content\/plugins\/justified-image-grid\/timthumb.php?src=https%3A%2F%2Fuhlenbru.ch%2Fwp-content%2Fgallery%2Fbeauty%2Fparkhaus-23-von-1.jpg&amp;h=175&amp;q=90&amp;f=.jpg\" alt=\"Mark Uhlenbruch Fotografie Beauty &amp; Portr\u00e4t\" width=\"126\" height=\"175\" \/><\/a><p class=\"jig-HTMLdescription\">Mark Uhlenbruch Fotografie Beauty & Portr\u00e4t<\/p><\/li><li><a href=\"https:\/\/uhlenbru.ch\/\/wp-content\/gallery\/beauty\/akt-2014-wesseling-26.jpg\" title=\"Mark Uhlenbruch Fotografie Beauty &amp; Portr\u00e4t\"><img loading=\"lazy\" decoding=\"async\" src=\"https:\/\/uhlenbru.ch\/wp-content\/plugins\/justified-image-grid\/timthumb.php?src=https%3A%2F%2Fuhlenbru.ch%2Fwp-content%2Fgallery%2Fbeauty%2Fakt-2014-wesseling-26.jpg&amp;h=175&amp;q=90&amp;f=.jpg\" alt=\"Mark Uhlenbruch Fotografie Beauty &amp; Portr\u00e4t\" width=\"262\" height=\"175\" \/><\/a><p class=\"jig-HTMLdescription\">Mark Uhlenbruch Fotografie Beauty & Portr\u00e4t<\/p><\/li><li><a href=\"https:\/\/uhlenbru.ch\/\/wp-content\/gallery\/beauty\/meike-41-von-1.jpg\" title=\"Mark Uhlenbruch Fotografie Beauty &amp; Portr\u00e4t\"><img loading=\"lazy\" decoding=\"async\" src=\"https:\/\/uhlenbru.ch\/wp-content\/plugins\/justified-image-grid\/timthumb.php?src=https%3A%2F%2Fuhlenbru.ch%2Fwp-content%2Fgallery%2Fbeauty%2Fmeike-41-von-1.jpg&amp;h=175&amp;q=90&amp;f=.jpg\" alt=\"Mark Uhlenbruch Fotografie Beauty &amp; Portr\u00e4t\" width=\"303\" height=\"175\" \/><\/a><p class=\"jig-HTMLdescription\">Mark Uhlenbruch Fotografie Beauty & Portr\u00e4t<\/p><\/li><li><a href=\"https:\/\/uhlenbru.ch\/\/wp-content\/gallery\/beauty\/akt-2014-wesseling-1.jpg\" title=\"Mark Uhlenbruch Fotografie Beauty &amp; Portr\u00e4t\"><img loading=\"lazy\" decoding=\"async\" src=\"https:\/\/uhlenbru.ch\/wp-content\/plugins\/justified-image-grid\/timthumb.php?src=https%3A%2F%2Fuhlenbru.ch%2Fwp-content%2Fgallery%2Fbeauty%2Fakt-2014-wesseling-1.jpg&amp;h=175&amp;q=90&amp;f=.jpg\" alt=\"Mark Uhlenbruch Fotografie Beauty &amp; Portr\u00e4t\" width=\"116\" height=\"175\" \/><\/a><p class=\"jig-HTMLdescription\">Mark Uhlenbruch Fotografie Beauty & Portr\u00e4t<\/p><\/li><li><a href=\"https:\/\/uhlenbru.ch\/\/wp-content\/gallery\/beauty\/bridge-49-von-1.jpg\" title=\"Mark Uhlenbruch Fotografie Beauty &amp; Portr\u00e4t\"><img loading=\"lazy\" decoding=\"async\" src=\"https:\/\/uhlenbru.ch\/wp-content\/plugins\/justified-image-grid\/timthumb.php?src=https%3A%2F%2Fuhlenbru.ch%2Fwp-content%2Fgallery%2Fbeauty%2Fbridge-49-von-1.jpg&amp;h=175&amp;q=90&amp;f=.jpg\" alt=\"Mark Uhlenbruch Fotografie Beauty &amp; Portr\u00e4t\" width=\"372\" height=\"175\" \/><\/a><p class=\"jig-HTMLdescription\">Mark Uhlenbruch Fotografie Beauty & Portr\u00e4t<\/p><\/li><li><a href=\"https:\/\/uhlenbru.ch\/\/wp-content\/gallery\/beauty\/meike-57-von-27.jpg\" title=\"Mark Uhlenbruch Fotografie Beauty &amp; Portr\u00e4t\"><img loading=\"lazy\" decoding=\"async\" src=\"https:\/\/uhlenbru.ch\/wp-content\/plugins\/justified-image-grid\/timthumb.php?src=https%3A%2F%2Fuhlenbru.ch%2Fwp-content%2Fgallery%2Fbeauty%2Fmeike-57-von-27.jpg&amp;h=175&amp;q=90&amp;f=.jpg\" alt=\"Mark Uhlenbruch Fotografie Beauty &amp; Portr\u00e4t\" width=\"303\" height=\"175\" \/><\/a><p class=\"jig-HTMLdescription\">Mark Uhlenbruch Fotografie Beauty & Portr\u00e4t<\/p><\/li><li><a href=\"https:\/\/uhlenbru.ch\/\/wp-content\/gallery\/beauty\/meike-52-von-27.jpg\" title=\"Mark Uhlenbruch Fotografie Beauty &amp; Portr\u00e4t\"><img loading=\"lazy\" decoding=\"async\" src=\"https:\/\/uhlenbru.ch\/wp-content\/plugins\/justified-image-grid\/timthumb.php?src=https%3A%2F%2Fuhlenbru.ch%2Fwp-content%2Fgallery%2Fbeauty%2Fmeike-52-von-27.jpg&amp;h=175&amp;q=90&amp;f=.jpg\" alt=\"Mark Uhlenbruch Fotografie Beauty &amp; Portr\u00e4t\" width=\"303\" height=\"175\" \/><\/a><p class=\"jig-HTMLdescription\">Mark Uhlenbruch Fotografie Beauty & Portr\u00e4t<\/p><\/li><li><a href=\"https:\/\/uhlenbru.ch\/\/wp-content\/gallery\/beauty\/meike-44-von-27.jpg\" title=\"Mark Uhlenbruch Fotografie Beauty &amp; Portr\u00e4t\"><img loading=\"lazy\" decoding=\"async\" src=\"https:\/\/uhlenbru.ch\/wp-content\/plugins\/justified-image-grid\/timthumb.php?src=https%3A%2F%2Fuhlenbru.ch%2Fwp-content%2Fgallery%2Fbeauty%2Fmeike-44-von-27.jpg&amp;h=175&amp;q=90&amp;f=.jpg\" alt=\"Mark Uhlenbruch Fotografie Beauty &amp; Portr\u00e4t\" width=\"100\" height=\"175\" \/><\/a><p class=\"jig-HTMLdescription\">Mark Uhlenbruch Fotografie Beauty & Portr\u00e4t<\/p><\/li><li><a href=\"https:\/\/uhlenbru.ch\/\/wp-content\/gallery\/beauty\/meike-42-von-1.jpg\" title=\"Mark Uhlenbruch Fotografie Beauty &amp; Portr\u00e4t\"><img loading=\"lazy\" decoding=\"async\" src=\"https:\/\/uhlenbru.ch\/wp-content\/plugins\/justified-image-grid\/timthumb.php?src=https%3A%2F%2Fuhlenbru.ch%2Fwp-content%2Fgallery%2Fbeauty%2Fmeike-42-von-1.jpg&amp;h=175&amp;q=90&amp;f=.jpg\" alt=\"Mark Uhlenbruch Fotografie Beauty &amp; Portr\u00e4t\" width=\"100\" height=\"175\" \/><\/a><p class=\"jig-HTMLdescription\">Mark Uhlenbruch Fotografie Beauty & Portr\u00e4t<\/p><\/li><li><a href=\"https:\/\/uhlenbru.ch\/\/wp-content\/gallery\/beauty\/parkhaus-13-von-1.jpg\" title=\"Mark Uhlenbruch Fotografie Beauty &amp; Portr\u00e4t\"><img loading=\"lazy\" decoding=\"async\" src=\"https:\/\/uhlenbru.ch\/wp-content\/plugins\/justified-image-grid\/timthumb.php?src=https%3A%2F%2Fuhlenbru.ch%2Fwp-content%2Fgallery%2Fbeauty%2Fparkhaus-13-von-1.jpg&amp;h=175&amp;q=90&amp;f=.jpg\" alt=\"Mark Uhlenbruch Fotografie Beauty &amp; Portr\u00e4t\" width=\"293\" height=\"175\" \/><\/a><p class=\"jig-HTMLdescription\">Mark Uhlenbruch Fotografie Beauty & Portr\u00e4t<\/p><\/li><li><a href=\"https:\/\/uhlenbru.ch\/\/wp-content\/gallery\/beauty\/meike-32-von-1.jpg\" title=\"Mark Uhlenbruch Fotografie Beauty &amp; Portr\u00e4t\"><img loading=\"lazy\" decoding=\"async\" src=\"https:\/\/uhlenbru.ch\/wp-content\/plugins\/justified-image-grid\/timthumb.php?src=https%3A%2F%2Fuhlenbru.ch%2Fwp-content%2Fgallery%2Fbeauty%2Fmeike-32-von-1.jpg&amp;h=175&amp;q=90&amp;f=.jpg\" alt=\"Mark Uhlenbruch Fotografie Beauty &amp; Portr\u00e4t\" width=\"303\" height=\"175\" \/><\/a><p class=\"jig-HTMLdescription\">Mark Uhlenbruch Fotografie Beauty & Portr\u00e4t<\/p><\/li><li><a href=\"https:\/\/uhlenbru.ch\/\/wp-content\/gallery\/beauty\/meike-10.jpg\" title=\"Mark Uhlenbruch Fotografie Beauty &amp; Portr\u00e4t\"><img loading=\"lazy\" decoding=\"async\" src=\"https:\/\/uhlenbru.ch\/wp-content\/plugins\/justified-image-grid\/timthumb.php?src=https%3A%2F%2Fuhlenbru.ch%2Fwp-content%2Fgallery%2Fbeauty%2Fmeike-10.jpg&amp;h=175&amp;q=90&amp;f=.jpg\" alt=\"Mark Uhlenbruch Fotografie Beauty &amp; Portr\u00e4t\" width=\"303\" height=\"175\" \/><\/a><p class=\"jig-HTMLdescription\">Mark Uhlenbruch Fotografie Beauty & Portr\u00e4t<\/p><\/li><li><a href=\"https:\/\/uhlenbru.ch\/\/wp-content\/gallery\/beauty\/meike-5-von-1.jpg\" title=\"Mark Uhlenbruch Fotografie Beauty &amp; Portr\u00e4t\"><img loading=\"lazy\" decoding=\"async\" src=\"https:\/\/uhlenbru.ch\/wp-content\/plugins\/justified-image-grid\/timthumb.php?src=https%3A%2F%2Fuhlenbru.ch%2Fwp-content%2Fgallery%2Fbeauty%2Fmeike-5-von-1.jpg&amp;h=175&amp;q=90&amp;f=.jpg\" alt=\"Mark Uhlenbruch Fotografie Beauty &amp; Portr\u00e4t\" width=\"303\" height=\"175\" \/><\/a><p class=\"jig-HTMLdescription\">Mark Uhlenbruch Fotografie Beauty & Portr\u00e4t<\/p><\/li><li><a href=\"https:\/\/uhlenbru.ch\/\/wp-content\/gallery\/beauty\/neu-mehl-123.jpg\" title=\"Mark Uhlenbruch Fotografie Beauty &amp; Portr\u00e4t\"><img loading=\"lazy\" decoding=\"async\" src=\"https:\/\/uhlenbru.ch\/wp-content\/plugins\/justified-image-grid\/timthumb.php?src=https%3A%2F%2Fuhlenbru.ch%2Fwp-content%2Fgallery%2Fbeauty%2Fneu-mehl-123.jpg&amp;h=175&amp;q=90&amp;f=.jpg\" alt=\"Mark Uhlenbruch Fotografie Beauty &amp; Portr\u00e4t\" width=\"363\" height=\"175\" \/><\/a><p class=\"jig-HTMLdescription\">Mark Uhlenbruch Fotografie Beauty & Portr\u00e4t<\/p><\/li><li><a href=\"https:\/\/uhlenbru.ch\/\/wp-content\/gallery\/beauty\/meike-58-von-27.jpg\" title=\"Mark Uhlenbruch Fotografie Beauty &amp; Portr\u00e4t\"><img loading=\"lazy\" decoding=\"async\" src=\"https:\/\/uhlenbru.ch\/wp-content\/plugins\/justified-image-grid\/timthumb.php?src=https%3A%2F%2Fuhlenbru.ch%2Fwp-content%2Fgallery%2Fbeauty%2Fmeike-58-von-27.jpg&amp;h=175&amp;q=90&amp;f=.jpg\" alt=\"Mark Uhlenbruch Fotografie Beauty &amp; Portr\u00e4t\" width=\"303\" height=\"175\" \/><\/a><p class=\"jig-HTMLdescription\">Mark Uhlenbruch Fotografie Beauty & Portr\u00e4t<\/p><\/li><li><a href=\"https:\/\/uhlenbru.ch\/\/wp-content\/gallery\/beauty\/mehl-33a.jpg\" title=\"Mark Uhlenbruch Fotografie Beauty &amp; Portr\u00e4t\"><img loading=\"lazy\" decoding=\"async\" src=\"https:\/\/uhlenbru.ch\/wp-content\/plugins\/justified-image-grid\/timthumb.php?src=https%3A%2F%2Fuhlenbru.ch%2Fwp-content%2Fgallery%2Fbeauty%2Fmehl-33a.jpg&amp;h=175&amp;q=90&amp;f=.jpg\" alt=\"Mark Uhlenbruch Fotografie Beauty &amp; Portr\u00e4t\" width=\"340\" height=\"175\" \/><\/a><p class=\"jig-HTMLdescription\">Mark Uhlenbruch Fotografie Beauty & Portr\u00e4t<\/p><\/li><li><a href=\"https:\/\/uhlenbru.ch\/\/wp-content\/gallery\/beauty\/parkhaus-19-von-1.jpg\" title=\"Mark Uhlenbruch Fotografie Beauty &amp; Portr\u00e4t\"><img loading=\"lazy\" decoding=\"async\" src=\"https:\/\/uhlenbru.ch\/wp-content\/plugins\/justified-image-grid\/timthumb.php?src=https%3A%2F%2Fuhlenbru.ch%2Fwp-content%2Fgallery%2Fbeauty%2Fparkhaus-19-von-1.jpg&amp;h=175&amp;q=90&amp;f=.jpg\" alt=\"Mark Uhlenbruch Fotografie Beauty &amp; Portr\u00e4t\" width=\"116\" height=\"175\" \/><\/a><p class=\"jig-HTMLdescription\">Mark Uhlenbruch Fotografie Beauty & Portr\u00e4t<\/p><\/li><li><a href=\"https:\/\/uhlenbru.ch\/\/wp-content\/gallery\/beauty\/parkhaus01.jpg\" title=\"Mark Uhlenbruch Fotografie Beauty &amp; Portr\u00e4t\"><img loading=\"lazy\" decoding=\"async\" src=\"https:\/\/uhlenbru.ch\/wp-content\/plugins\/justified-image-grid\/timthumb.php?src=https%3A%2F%2Fuhlenbru.ch%2Fwp-content%2Fgallery%2Fbeauty%2Fparkhaus01.jpg&amp;h=175&amp;q=90&amp;f=.jpg\" alt=\"Mark Uhlenbruch Fotografie Beauty &amp; Portr\u00e4t\" width=\"105\" height=\"175\" \/><\/a><p class=\"jig-HTMLdescription\">Mark Uhlenbruch Fotografie Beauty & Portr\u00e4t<\/p><\/li><li><a href=\"https:\/\/uhlenbru.ch\/\/wp-content\/gallery\/beauty\/meike-62-von-27.jpg\" title=\"Mark Uhlenbruch Fotografie Beauty &amp; Portr\u00e4t\"><img loading=\"lazy\" decoding=\"async\" src=\"https:\/\/uhlenbru.ch\/wp-content\/plugins\/justified-image-grid\/timthumb.php?src=https%3A%2F%2Fuhlenbru.ch%2Fwp-content%2Fgallery%2Fbeauty%2Fmeike-62-von-27.jpg&amp;h=175&amp;q=90&amp;f=.jpg\" alt=\"Mark Uhlenbruch Fotografie Beauty &amp; Portr\u00e4t\" width=\"303\" height=\"175\" \/><\/a><p class=\"jig-HTMLdescription\">Mark Uhlenbruch Fotografie Beauty & Portr\u00e4t<\/p><\/li><li><a href=\"https:\/\/uhlenbru.ch\/\/wp-content\/gallery\/beauty\/parkhaus-15-von-1.jpg\" title=\"Mark Uhlenbruch Fotografie Beauty &amp; Portr\u00e4t\"><img loading=\"lazy\" decoding=\"async\" src=\"https:\/\/uhlenbru.ch\/wp-content\/plugins\/justified-image-grid\/timthumb.php?src=https%3A%2F%2Fuhlenbru.ch%2Fwp-content%2Fgallery%2Fbeauty%2Fparkhaus-15-von-1.jpg&amp;h=175&amp;q=90&amp;f=.jpg\" alt=\"Mark Uhlenbruch Fotografie Beauty &amp; Portr\u00e4t\" width=\"111\" height=\"175\" \/><\/a><p class=\"jig-HTMLdescription\">Mark Uhlenbruch Fotografie Beauty & Portr\u00e4t<\/p><\/li><li><a href=\"https:\/\/uhlenbru.ch\/\/wp-content\/gallery\/beauty\/hammer01.jpg\" title=\"Mark Uhlenbruch Fotografie Beauty &amp; Portr\u00e4t\"><img loading=\"lazy\" decoding=\"async\" src=\"https:\/\/uhlenbru.ch\/wp-content\/plugins\/justified-image-grid\/timthumb.php?src=https%3A%2F%2Fuhlenbru.ch%2Fwp-content%2Fgallery%2Fbeauty%2Fhammer01.jpg&amp;h=175&amp;q=90&amp;f=.jpg\" alt=\"Mark Uhlenbruch Fotografie Beauty &amp; Portr\u00e4t\" width=\"106\" height=\"175\" \/><\/a><p class=\"jig-HTMLdescription\">Mark Uhlenbruch Fotografie Beauty & Portr\u00e4t<\/p><\/li><li><a href=\"https:\/\/uhlenbru.ch\/\/wp-content\/gallery\/beauty\/bridge-50-von-1.jpg\" title=\"Mark Uhlenbruch Fotografie Beauty &amp; Portr\u00e4t Mark Uhlenbruch Fotografie Beauty &amp; Portr\u00e4t\"><img loading=\"lazy\" decoding=\"async\" src=\"https:\/\/uhlenbru.ch\/wp-content\/plugins\/justified-image-grid\/timthumb.php?src=https%3A%2F%2Fuhlenbru.ch%2Fwp-content%2Fgallery%2Fbeauty%2Fbridge-50-von-1.jpg&amp;h=175&amp;q=90&amp;f=.jpg\" alt=\"Mark Uhlenbruch Fotografie Beauty &amp; Portr\u00e4t\" width=\"357\" height=\"175\" \/><\/a><p class=\"jig-HTMLdescription\">Mark Uhlenbruch Fotografie Beauty & Portr\u00e4t<br\/>Mark Uhlenbruch Fotografie Beauty & Portr\u00e4t Mark Uhlenbruch Fotografie Beauty & Portr\u00e4t<\/p><\/li><li><a href=\"https:\/\/uhlenbru.ch\/\/wp-content\/gallery\/beauty\/Hund01.jpg\" title=\"Mark Uhlenbruch Fotografie Beauty &amp; Portr\u00e4t\"><img loading=\"lazy\" decoding=\"async\" src=\"https:\/\/uhlenbru.ch\/wp-content\/plugins\/justified-image-grid\/timthumb.php?src=https%3A%2F%2Fuhlenbru.ch%2Fwp-content%2Fgallery%2Fbeauty%2FHund01.jpg&amp;h=175&amp;q=90&amp;f=.jpg\" alt=\"Mark Uhlenbruch Fotografie Beauty &amp; Portr\u00e4t\" width=\"287\" height=\"175\" \/><\/a><p class=\"jig-HTMLdescription\">Mark Uhlenbruch Fotografie Beauty & Portr\u00e4t<\/p><\/li><li><a href=\"https:\/\/uhlenbru.ch\/\/wp-content\/gallery\/beauty\/beauty-13.jpg\" title=\"Mark Uhlenbruch Fotografie Beauty &amp; Portr\u00e4t\"><img loading=\"lazy\" decoding=\"async\" src=\"https:\/\/uhlenbru.ch\/wp-content\/plugins\/justified-image-grid\/timthumb.php?src=https%3A%2F%2Fuhlenbru.ch%2Fwp-content%2Fgallery%2Fbeauty%2Fbeauty-13.jpg&amp;h=175&amp;q=90&amp;f=.jpg\" alt=\"Mark Uhlenbruch Fotografie Beauty &amp; Portr\u00e4t\" width=\"262\" height=\"175\" \/><\/a><p class=\"jig-HTMLdescription\">Mark Uhlenbruch Fotografie Beauty & Portr\u00e4t<\/p><\/li><li><a href=\"https:\/\/uhlenbru.ch\/\/wp-content\/gallery\/beauty\/parkhaus-27-von-1.jpg\" title=\"Mark Uhlenbruch Fotografie Beauty &amp; Portr\u00e4t\"><img loading=\"lazy\" decoding=\"async\" src=\"https:\/\/uhlenbru.ch\/wp-content\/plugins\/justified-image-grid\/timthumb.php?src=https%3A%2F%2Fuhlenbru.ch%2Fwp-content%2Fgallery%2Fbeauty%2Fparkhaus-27-von-1.jpg&amp;h=175&amp;q=90&amp;f=.jpg\" alt=\"Mark Uhlenbruch Fotografie Beauty &amp; Portr\u00e4t\" width=\"240\" height=\"175\" \/><\/a><p class=\"jig-HTMLdescription\">Mark Uhlenbruch Fotografie Beauty & Portr\u00e4t<\/p><\/li><li><a href=\"https:\/\/uhlenbru.ch\/\/wp-content\/gallery\/beauty\/11075147_818829824820918_2055079306817461294_n.jpg\" title=\"Mark Uhlenbruch Fotografie Beauty &amp; Portr\u00e4t\"><img loading=\"lazy\" decoding=\"async\" src=\"https:\/\/uhlenbru.ch\/wp-content\/plugins\/justified-image-grid\/timthumb.php?src=https%3A%2F%2Fuhlenbru.ch%2Fwp-content%2Fgallery%2Fbeauty%2F11075147_818829824820918_2055079306817461294_n.jpg&amp;h=175&amp;q=90&amp;f=.jpg\" alt=\"Mark Uhlenbruch Fotografie Beauty &amp; Portr\u00e4t\" width=\"303\" height=\"175\" \/><\/a><p class=\"jig-HTMLdescription\">Mark Uhlenbruch Fotografie Beauty & Portr\u00e4t<\/p><\/li><li><a href=\"https:\/\/uhlenbru.ch\/\/wp-content\/gallery\/beauty\/mehl-22-von-1.jpg\" title=\"Mark Uhlenbruch Fotografie Beauty &amp; Portr\u00e4t\"><img loading=\"lazy\" decoding=\"async\" src=\"https:\/\/uhlenbru.ch\/wp-content\/plugins\/justified-image-grid\/timthumb.php?src=https%3A%2F%2Fuhlenbru.ch%2Fwp-content%2Fgallery%2Fbeauty%2Fmehl-22-von-1.jpg&amp;h=175&amp;q=90&amp;f=.jpg\" alt=\"Mark Uhlenbruch Fotografie Beauty &amp; Portr\u00e4t\" width=\"116\" height=\"175\" \/><\/a><p class=\"jig-HTMLdescription\">Mark Uhlenbruch Fotografie Beauty & Portr\u00e4t<\/p><\/li><li><a href=\"https:\/\/uhlenbru.ch\/\/wp-content\/gallery\/beauty\/mehl-ab-29-von-1a.jpg\" title=\"Mark Uhlenbruch Fotografie Beauty &amp; Portr\u00e4t\"><img loading=\"lazy\" decoding=\"async\" src=\"https:\/\/uhlenbru.ch\/wp-content\/plugins\/justified-image-grid\/timthumb.php?src=https%3A%2F%2Fuhlenbru.ch%2Fwp-content%2Fgallery%2Fbeauty%2Fmehl-ab-29-von-1a.jpg&amp;h=175&amp;q=90&amp;f=.jpg\" alt=\"Mark Uhlenbruch Fotografie Beauty &amp; Portr\u00e4t\" width=\"262\" height=\"175\" \/><\/a><p class=\"jig-HTMLdescription\">Mark Uhlenbruch Fotografie Beauty & Portr\u00e4t<\/p><\/li><li><a href=\"https:\/\/uhlenbru.ch\/\/wp-content\/gallery\/beauty\/mehl-31-von-1.jpg\" title=\"Mark Uhlenbruch Fotografie Beauty &amp; Portr\u00e4t\"><img loading=\"lazy\" decoding=\"async\" src=\"https:\/\/uhlenbru.ch\/wp-content\/plugins\/justified-image-grid\/timthumb.php?src=https%3A%2F%2Fuhlenbru.ch%2Fwp-content%2Fgallery%2Fbeauty%2Fmehl-31-von-1.jpg&amp;h=175&amp;q=90&amp;f=.jpg\" alt=\"Mark Uhlenbruch Fotografie Beauty &amp; Portr\u00e4t\" width=\"116\" height=\"175\" \/><\/a><p class=\"jig-HTMLdescription\">Mark Uhlenbruch Fotografie Beauty & Portr\u00e4t<\/p><\/li><li><a href=\"https:\/\/uhlenbru.ch\/\/wp-content\/gallery\/beauty\/meike02.jpg\" title=\"Mark Uhlenbruch Fotografie Beauty &amp; Portr\u00e4t\"><img loading=\"lazy\" decoding=\"async\" src=\"https:\/\/uhlenbru.ch\/wp-content\/plugins\/justified-image-grid\/timthumb.php?src=https%3A%2F%2Fuhlenbru.ch%2Fwp-content%2Fgallery%2Fbeauty%2Fmeike02.jpg&amp;h=175&amp;q=90&amp;f=.jpg\" alt=\"Mark Uhlenbruch Fotografie Beauty &amp; Portr\u00e4t\" width=\"277\" height=\"175\" \/><\/a><p class=\"jig-HTMLdescription\">Mark Uhlenbruch Fotografie Beauty & Portr\u00e4t<\/p><\/li><li><a href=\"https:\/\/uhlenbru.ch\/\/wp-content\/gallery\/beauty\/meike-55-von-27.jpg\" title=\"Mark Uhlenbruch Fotografie Beauty &amp; Portr\u00e4t\"><img loading=\"lazy\" decoding=\"async\" src=\"https:\/\/uhlenbru.ch\/wp-content\/plugins\/justified-image-grid\/timthumb.php?src=https%3A%2F%2Fuhlenbru.ch%2Fwp-content%2Fgallery%2Fbeauty%2Fmeike-55-von-27.jpg&amp;h=175&amp;q=90&amp;f=.jpg\" alt=\"Mark Uhlenbruch Fotografie Beauty &amp; Portr\u00e4t\" width=\"303\" height=\"175\" \/><\/a><p class=\"jig-HTMLdescription\">Mark Uhlenbruch Fotografie Beauty & Portr\u00e4t<\/p><\/li><li><a href=\"https:\/\/uhlenbru.ch\/\/wp-content\/gallery\/beauty\/mehl-a-29-von-1.jpg\" title=\"Mark Uhlenbruch Fotografie Beauty &amp; Portr\u00e4t\"><img loading=\"lazy\" decoding=\"async\" src=\"https:\/\/uhlenbru.ch\/wp-content\/plugins\/justified-image-grid\/timthumb.php?src=https%3A%2F%2Fuhlenbru.ch%2Fwp-content%2Fgallery%2Fbeauty%2Fmehl-a-29-von-1.jpg&amp;h=175&amp;q=90&amp;f=.jpg\" alt=\"Mark Uhlenbruch Fotografie Beauty &amp; Portr\u00e4t\" width=\"116\" height=\"175\" \/><\/a><p class=\"jig-HTMLdescription\">Mark Uhlenbruch Fotografie Beauty & Portr\u00e4t<\/p><\/li><li><a href=\"https:\/\/uhlenbru.ch\/\/wp-content\/gallery\/beauty\/mehl-3-von-1.jpg\" title=\"Mark Uhlenbruch Fotografie Beauty &amp; Portr\u00e4t\"><img loading=\"lazy\" decoding=\"async\" src=\"https:\/\/uhlenbru.ch\/wp-content\/plugins\/justified-image-grid\/timthumb.php?src=https%3A%2F%2Fuhlenbru.ch%2Fwp-content%2Fgallery%2Fbeauty%2Fmehl-3-von-1.jpg&amp;h=175&amp;q=90&amp;f=.jpg\" alt=\"Mark Uhlenbruch Fotografie Beauty &amp; Portr\u00e4t\" width=\"116\" height=\"175\" \/><\/a><p class=\"jig-HTMLdescription\">Mark Uhlenbruch Fotografie Beauty & Portr\u00e4t<\/p><\/li><li><a href=\"https:\/\/uhlenbru.ch\/\/wp-content\/gallery\/beauty\/alena-15.jpg\" title=\"Mark Uhlenbruch Fotografie Beauty &amp; Portr\u00e4t\"><img loading=\"lazy\" decoding=\"async\" src=\"https:\/\/uhlenbru.ch\/wp-content\/plugins\/justified-image-grid\/timthumb.php?src=https%3A%2F%2Fuhlenbru.ch%2Fwp-content%2Fgallery%2Fbeauty%2Falena-15.jpg&amp;h=175&amp;q=90&amp;f=.jpg\" alt=\"Mark Uhlenbruch Fotografie Beauty &amp; Portr\u00e4t\" width=\"116\" height=\"175\" \/><\/a><p class=\"jig-HTMLdescription\">Mark Uhlenbruch Fotografie Beauty & Portr\u00e4t<\/p><\/li><li><a href=\"https:\/\/uhlenbru.ch\/\/wp-content\/gallery\/beauty\/alena-14.jpg\" title=\"Mark Uhlenbruch Fotografie Beauty &amp; Portr\u00e4t\"><img loading=\"lazy\" decoding=\"async\" src=\"https:\/\/uhlenbru.ch\/wp-content\/plugins\/justified-image-grid\/timthumb.php?src=https%3A%2F%2Fuhlenbru.ch%2Fwp-content%2Fgallery%2Fbeauty%2Falena-14.jpg&amp;h=175&amp;q=90&amp;f=.jpg\" alt=\"Mark Uhlenbruch Fotografie Beauty &amp; Portr\u00e4t\" width=\"262\" height=\"175\" \/><\/a><p class=\"jig-HTMLdescription\">Mark Uhlenbruch Fotografie Beauty & Portr\u00e4t<\/p><\/li><li><a href=\"https:\/\/uhlenbru.ch\/\/wp-content\/gallery\/beauty\/mehl-35-von-1.jpg\" title=\"Mark Uhlenbruch Fotografie Beauty &amp; Portr\u00e4t\"><img loading=\"lazy\" decoding=\"async\" src=\"https:\/\/uhlenbru.ch\/wp-content\/plugins\/justified-image-grid\/timthumb.php?src=https%3A%2F%2Fuhlenbru.ch%2Fwp-content%2Fgallery%2Fbeauty%2Fmehl-35-von-1.jpg&amp;h=175&amp;q=90&amp;f=.jpg\" alt=\"Mark Uhlenbruch Fotografie Beauty &amp; Portr\u00e4t\" width=\"262\" height=\"175\" \/><\/a><p class=\"jig-HTMLdescription\">Mark Uhlenbruch Fotografie Beauty & Portr\u00e4t<\/p><\/li><li><a href=\"https:\/\/uhlenbru.ch\/\/wp-content\/gallery\/beauty\/alena-13.jpg\" title=\"Mark Uhlenbruch Fotografie Beauty &amp; Portr\u00e4t\"><img loading=\"lazy\" decoding=\"async\" src=\"https:\/\/uhlenbru.ch\/wp-content\/plugins\/justified-image-grid\/timthumb.php?src=https%3A%2F%2Fuhlenbru.ch%2Fwp-content%2Fgallery%2Fbeauty%2Falena-13.jpg&amp;h=175&amp;q=90&amp;f=.jpg\" alt=\"Mark Uhlenbruch Fotografie Beauty &amp; Portr\u00e4t\" width=\"116\" height=\"175\" \/><\/a><p class=\"jig-HTMLdescription\">Mark Uhlenbruch Fotografie Beauty & Portr\u00e4t<\/p><\/li><li><a href=\"https:\/\/uhlenbru.ch\/\/wp-content\/gallery\/beauty\/bridge-48-von-1.jpg\" title=\"Mark Uhlenbruch Fotografie Beauty &amp; Portr\u00e4t\"><img loading=\"lazy\" decoding=\"async\" src=\"https:\/\/uhlenbru.ch\/wp-content\/plugins\/justified-image-grid\/timthumb.php?src=https%3A%2F%2Fuhlenbru.ch%2Fwp-content%2Fgallery%2Fbeauty%2Fbridge-48-von-1.jpg&amp;h=175&amp;q=90&amp;f=.jpg\" alt=\"Mark Uhlenbruch Fotografie Beauty &amp; Portr\u00e4t\" width=\"314\" height=\"175\" \/><\/a><p class=\"jig-HTMLdescription\">Mark Uhlenbruch Fotografie Beauty & Portr\u00e4t<\/p><\/li><\/ul><\/noscript><\/div>\n<p>&nbsp;<\/p>\n\n\n<p><\/p>\n","protected":false},"excerpt":{"rendered":"<p>Die Sch\u00f6nheit der Portr\u00e4tfotografie liegt in ihrer F\u00e4higkeit, die einzigartigen Facetten der menschlichen Pers\u00f6nlichkeit einzufangen und zu betonen. Durch gekonnte Inszenierung, Lichtsetzung und Perspektivwahl kann ein Fotograf nicht nur \u00e4u\u00dfere Sch\u00f6nheit einfangen, sondern auch die Tiefe der Emotionen und Charakterz\u00fcge eines Individuums herausstellen. Die Kamera wird zum Spiegel, der nicht nur das physische Erscheinungsbild, sondern [&hellip;]<\/p>\n","protected":false},"author":1,"featured_media":0,"parent":21,"menu_order":0,"comment_status":"closed","ping_status":"closed","template":"","meta":{"ngg_post_thumbnail":0,"footnotes":""},"_links":{"self":[{"href":"https:\/\/uhlenbru.ch\/index.php?rest_route=\/wp\/v2\/pages\/429"}],"collection":[{"href":"https:\/\/uhlenbru.ch\/index.php?rest_route=\/wp\/v2\/pages"}],"about":[{"href":"https:\/\/uhlenbru.ch\/index.php?rest_route=\/wp\/v2\/types\/page"}],"author":[{"embeddable":true,"href":"https:\/\/uhlenbru.ch\/index.php?rest_route=\/wp\/v2\/users\/1"}],"replies":[{"embeddable":true,"href":"https:\/\/uhlenbru.ch\/index.php?rest_route=%2Fwp%2Fv2%2Fcomments&post=429"}],"version-history":[{"count":5,"href":"https:\/\/uhlenbru.ch\/index.php?rest_route=\/wp\/v2\/pages\/429\/revisions"}],"predecessor-version":[{"id":2176,"href":"https:\/\/uhlenbru.ch\/index.php?rest_route=\/wp\/v2\/pages\/429\/revisions\/2176"}],"up":[{"embeddable":true,"href":"https:\/\/uhlenbru.ch\/index.php?rest_route=\/wp\/v2\/pages\/21"}],"wp:attachment":[{"href":"https:\/\/uhlenbru.ch\/index.php?rest_route=%2Fwp%2Fv2%2Fmedia&parent=429"}],"curies":[{"name":"wp","href":"https:\/\/api.w.org\/{rel}","templated":true}]}}